{"id":15539,"date":"2025-02-27T08:54:05","date_gmt":"2025-02-27T07:54:05","guid":{"rendered":"https:\/\/www.polyclinic.ch\/rahel-wyss\/"},"modified":"2026-08-20T09:45:19","modified_gmt":"2026-08-20T07:45:19","slug":"rahel-wyss","status":"publish","type":"page","link":"https:\/\/www.polyclinic.ch\/it\/rahel-wyss\/","title":{"rendered":"Rahel Wyss"},"content":{"rendered":"\t\t<div data-elementor-type=\"wp-page\" data-elementor-id=\"15539\" class=\"elementor elementor-15539 elementor-15165\" data-elementor-post-type=\"page\">\n\t\t\t\t\t\t<section class=\"elementor-section elementor-top-section elementor-element elementor-element-5d013af elementor-section-boxed elementor-section-height-default elementor-section-height-default\" data-id=\"5d013af\" data-element_type=\"section\" data-e-type=\"section\">\n\t\t\t\t\t\t<div class=\"elementor-container elementor-column-gap-default\">\n\t\t\t\t\t<div class=\"elementor-column elementor-col-100 elementor-top-column elementor-element elementor-element-d434497\" data-id=\"d434497\" data-element_type=\"column\" data-e-type=\"column\">\n\t\t\t<div class=\"elementor-widget-wrap elementor-element-populated\">\n\t\t\t\t\t\t<div class=\"elementor-element elementor-element-e5286a5 elementor-widget elementor-widget-heading\" data-id=\"e5286a5\" data-element_type=\"widget\" data-e-type=\"widget\" data-widget_type=\"heading.default\">\n\t\t\t\t<div class=\"elementor-widget-container\">\n\t\t\t\t\t<h1 class=\"elementor-heading-title elementor-size-default\">Rahel Wyss<\/h1>\t\t\t\t<\/div>\n\t\t\t\t<\/div>\n\t\t\t\t<div class=\"elementor-element elementor-element-dfa93dd elementor-widget elementor-widget-text-editor\" data-id=\"dfa93dd\" data-element_type=\"widget\" data-e-type=\"widget\" data-widget_type=\"text-editor.default\">\n\t\t\t\t<div class=\"elementor-widget-container\">\n\t\t\t\t\t\t\t\t\t<p>Specialista infermieristica HF, esperta in ferite SAfW<\/p>\n\t\t\t\t\t\t\t\t<\/div>\n\t\t\t\t<\/div>\n\t\t\t\t\t<\/div>\n\t\t<\/div>\n\t\t\t\t\t<\/div>\n\t\t<\/section>\n\t\t\t\t<section class=\"elementor-section elementor-top-section elementor-element elementor-element-a700312 elementor-section-boxed elementor-section-height-default elementor-section-height-default\" data-id=\"a700312\" data-element_type=\"section\" data-e-type=\"section\">\n\t\t\t\t\t\t<div class=\"elementor-container elementor-column-gap-default\">\n\t\t\t\t\t<div class=\"elementor-column elementor-col-100 elementor-top-column elementor-element elementor-element-4679178\" data-id=\"4679178\" data-element_type=\"column\" data-e-type=\"column\">\n\t\t\t<div class=\"elementor-widget-wrap elementor-element-populated\">\n\t\t\t\t\t\t<div class=\"elementor-element elementor-element-5318259 elementor-widget elementor-widget-image\" data-id=\"5318259\" data-element_type=\"widget\" data-e-type=\"widget\" data-widget_type=\"image.default\">\n\t\t\t\t<div class=\"elementor-widget-container\">\n\t\t\t\t\t\t\t\t\t\t\t\t\t\t\t<img fetchpriority=\"high\" decoding=\"async\" width=\"2500\" height=\"1667\" src=\"https:\/\/www.polyclinic.ch\/wp-content\/uploads\/2025\/03\/DSC7539_Web-e1787042750918.jpg\" class=\"attachment-full size-full wp-image-15524\" alt=\"\" \/>\t\t\t\t\t\t\t\t\t\t\t\t\t\t\t<\/div>\n\t\t\t\t<\/div>\n\t\t\t\t<section class=\"elementor-section elementor-inner-section elementor-element elementor-element-e9e858b elementor-section-boxed elementor-section-height-default elementor-section-height-default\" data-id=\"e9e858b\" data-element_type=\"section\" data-e-type=\"section\">\n\t\t\t\t\t\t<div class=\"elementor-container elementor-column-gap-default\">\n\t\t\t\t\t<div class=\"elementor-column elementor-col-50 elementor-inner-column elementor-element elementor-element-0d16655\" data-id=\"0d16655\" data-element_type=\"column\" data-e-type=\"column\" data-settings=\"{&quot;background_background&quot;:&quot;classic&quot;}\">\n\t\t\t<div class=\"elementor-widget-wrap elementor-element-populated\">\n\t\t\t\t\t\t<div class=\"elementor-element elementor-element-6a44791 elementor-widget elementor-widget-heading\" data-id=\"6a44791\" data-element_type=\"widget\" data-e-type=\"widget\" data-widget_type=\"heading.default\">\n\t\t\t\t<div class=\"elementor-widget-container\">\n\t\t\t\t\t<h2 class=\"elementor-heading-title elementor-size-default\">Certificati di competenza<\/h2>\t\t\t\t<\/div>\n\t\t\t\t<\/div>\n\t\t\t\t<div class=\"elementor-element elementor-element-014466c elementor-widget elementor-widget-text-editor\" data-id=\"014466c\" data-element_type=\"widget\" data-e-type=\"widget\" data-widget_type=\"text-editor.default\">\n\t\t\t\t<div class=\"elementor-widget-container\">\n\t\t\t\t\t\t\t\t\t<ul>\n<li>Specialista infermieristica HF<\/li>\n<li>Esperta in ferite SAfW<\/li>\n<\/ul>\n\t\t\t\t\t\t\t\t<\/div>\n\t\t\t\t<\/div>\n\t\t\t\t<div class=\"elementor-element elementor-element-40edc72 elementor-widget elementor-widget-heading\" data-id=\"40edc72\" data-element_type=\"widget\" data-e-type=\"widget\" data-widget_type=\"heading.default\">\n\t\t\t\t<div class=\"elementor-widget-container\">\n\t\t\t\t\t<h2 class=\"elementor-heading-title elementor-size-default\">Aree di competenza e interesse<\/h2>\t\t\t\t<\/div>\n\t\t\t\t<\/div>\n\t\t\t\t<div class=\"elementor-element elementor-element-690428f elementor-widget elementor-widget-text-editor\" data-id=\"690428f\" data-element_type=\"widget\" data-e-type=\"widget\" data-widget_type=\"text-editor.default\">\n\t\t\t\t<div class=\"elementor-widget-container\">\n\t\t\t\t\t\t\t\t\t<ul>\n<li>Consulenza, valutazione, trattamenti e assistenza di base a domicilio, perch\u00e9 a casa \u00e8 meglio.<\/li>\n<\/ul>\n\t\t\t\t\t\t\t\t<\/div>\n\t\t\t\t<\/div>\n\t\t\t\t<div class=\"elementor-element elementor-element-2199698 elementor-widget elementor-widget-heading\" data-id=\"2199698\" data-element_type=\"widget\" data-e-type=\"widget\" data-widget_type=\"heading.default\">\n\t\t\t\t<div class=\"elementor-widget-container\">\n\t\t\t\t\t<h2 class=\"elementor-heading-title elementor-size-default\">Specializzazioni<\/h2>\t\t\t\t<\/div>\n\t\t\t\t<\/div>\n\t\t\t\t<div class=\"elementor-element elementor-element-9748d63 elementor-widget elementor-widget-text-editor\" data-id=\"9748d63\" data-element_type=\"widget\" data-e-type=\"widget\" data-widget_type=\"text-editor.default\">\n\t\t\t\t<div class=\"elementor-widget-container\">\n\t\t\t\t\t\t\t\t\t<ul>\n<li>Esperta di ferite<\/li>\n<\/ul>\n\t\t\t\t\t\t\t\t<\/div>\n\t\t\t\t<\/div>\n\t\t\t\t<div class=\"elementor-element elementor-element-589312b elementor-widget elementor-widget-heading\" data-id=\"589312b\" data-element_type=\"widget\" data-e-type=\"widget\" data-widget_type=\"heading.default\">\n\t\t\t\t<div class=\"elementor-widget-container\">\n\t\t\t\t\t<h2 class=\"elementor-heading-title elementor-size-default\">Partecipazioni<\/h2>\t\t\t\t<\/div>\n\t\t\t\t<\/div>\n\t\t\t\t<div class=\"elementor-element elementor-element-b80aa05 elementor-widget elementor-widget-text-editor\" data-id=\"b80aa05\" data-element_type=\"widget\" data-e-type=\"widget\" data-widget_type=\"text-editor.default\">\n\t\t\t\t<div class=\"elementor-widget-container\">\n\t\t\t\t\t\t\t\t\t<ul>\n<li>Societ\u00e0 per il trattamento delle ferite (SAfW)<\/li>\n<li>Associazione professionale svizzera degli infermieri (SBK)<\/li>\n<li>Associazione professionale degli infermieri liberi professionisti (Curacasa)<\/li>\n<\/ul>\n\t\t\t\t\t\t\t\t<\/div>\n\t\t\t\t<\/div>\n\t\t\t\t<div class=\"elementor-element elementor-element-2007e1e elementor-widget elementor-widget-heading\" data-id=\"2007e1e\" data-element_type=\"widget\" data-e-type=\"widget\" data-widget_type=\"heading.default\">\n\t\t\t\t<div class=\"elementor-widget-container\">\n\t\t\t\t\t<h2 class=\"elementor-heading-title elementor-size-default\">Sito<\/h2>\t\t\t\t<\/div>\n\t\t\t\t<\/div>\n\t\t\t\t<div class=\"elementor-element elementor-element-098e1fb elementor-widget elementor-widget-text-editor\" data-id=\"098e1fb\" data-element_type=\"widget\" data-e-type=\"widget\" data-widget_type=\"text-editor.default\">\n\t\t\t\t<div class=\"elementor-widget-container\">\n\t\t\t\t\t\t\t\t\t<ul>\n<li><a href=\"https:\/\/www.polyclinic.ch\/it\/polyclinic-home\/\">PolyClinic @ HOME<\/a><\/li>\n<\/ul>\n\t\t\t\t\t\t\t\t<\/div>\n\t\t\t\t<\/div>\n\t\t\t\t<div class=\"elementor-element elementor-element-2928e2c elementor-widget elementor-widget-heading\" data-id=\"2928e2c\" data-element_type=\"widget\" data-e-type=\"widget\" data-widget_type=\"heading.default\">\n\t\t\t\t<div class=\"elementor-widget-container\">\n\t\t\t\t\t<h2 class=\"elementor-heading-title elementor-size-default\">Contatto<\/h2>\t\t\t\t<\/div>\n\t\t\t\t<\/div>\n\t\t\t\t<div class=\"elementor-element elementor-element-8a2133b elementor-widget elementor-widget-text-editor\" data-id=\"8a2133b\" data-element_type=\"widget\" data-e-type=\"widget\" data-widget_type=\"text-editor.default\">\n\t\t\t\t<div class=\"elementor-widget-container\">\n\t\t\t\t\t\t\t\t\t<p>PolyClinic St. Moritz AG<br \/>Rahel Wyss<br \/><span style=\"color: var( --e-global-color-text ); font-family: var( --e-global-typography-text-font-family ), Sans-serif; font-weight: var( --e-global-typography-text-font-weight ); letter-spacing: 0px;\">Via Paracelsus 2<br \/><\/span>7500 St. Moritz<\/p><p>telefono: <a href=\"tel:0041763499690\">+41 76 349 96 90<\/a><br \/>e-mail: <a href=\"mailto:wundpflegewyss@hin.ch\">wundpflegewyss@hin.ch<\/a><\/p>\t\t\t\t\t\t\t\t<\/div>\n\t\t\t\t<\/div>\n\t\t\t\t\t<\/div>\n\t\t<\/div>\n\t\t\t\t<div class=\"elementor-column elementor-col-50 elementor-inner-column elementor-element elementor-element-d0858d7\" data-id=\"d0858d7\" data-element_type=\"column\" data-e-type=\"column\" data-settings=\"{&quot;background_background&quot;:&quot;classic&quot;}\">\n\t\t\t<div class=\"elementor-widget-wrap elementor-element-populated\">\n\t\t\t\t\t\t<div class=\"elementor-element elementor-element-50f7dd8 elementor-widget elementor-widget-heading\" data-id=\"50f7dd8\" data-element_type=\"widget\" data-e-type=\"widget\" data-widget_type=\"heading.default\">\n\t\t\t\t<div class=\"elementor-widget-container\">\n\t\t\t\t\t<h2 class=\"elementor-heading-title elementor-size-default\">Carriera<\/h2>\t\t\t\t<\/div>\n\t\t\t\t<\/div>\n\t\t\t\t<div class=\"elementor-element elementor-element-b6e9fc3 elementor-widget elementor-widget-text-editor\" data-id=\"b6e9fc3\" data-element_type=\"widget\" data-e-type=\"widget\" data-widget_type=\"text-editor.default\">\n\t\t\t\t<div class=\"elementor-widget-container\">\n\t\t\t\t\t\t\t\t\t<p><strong>come specialista in infermieristica<br \/>\n<\/strong><\/p>\n<ul>\n<li>Spitex G\u00e4u con funzione aggiuntiva di formatore professionale<\/li>\n<li>Spitex Buchsi-Oenz con funzione aggiuntiva di responsabile infermieristico<\/li>\n<li>Spitex Langenthal e dintorni con funzione aggiuntiva di caposquadra<\/li>\n<li>Spitex Olten con funzione aggiuntiva di vice caposquadra<\/li>\n<li>Spitex Sursee e dintorni<\/li>\n<li>Casa di riposo e di cura Mauritius a Sch\u00f6tz<\/li>\n<li>Ospedale di Affoltern a. A.<\/li>\n<\/ul>\n<p><strong>come infermiera in formazione<br \/>\n<\/strong><\/p>\n<ul>\n<li>Ospedale Triemli e Affoltern a. A.<\/li>\n<li>Spitex St\u00e4fa<\/li>\n<li>Chinderhuus Ebnit, Gstaad<\/li>\n<\/ul>\n<p><strong>come assistente domiciliare<br \/>\n<\/strong><\/p>\n<ul>\n<li>Ospedale Seeblick, St\u00e4fa: gruppo residenziale per demenze<\/li>\n<li>Spitex Gossau ZH<\/li>\n<\/ul>\n<p><strong>come assistente domiciliare in formazione<\/strong><\/p>\n<ul>\n<li>Spitex Hombrechtikon, Wallisellen e Meilen<\/li>\n<li>Ospedale Seeblick, St\u00e4fa: gruppo residenziale per demenza<\/li>\n<\/ul>\n\t\t\t\t\t\t\t\t<\/div>\n\t\t\t\t<\/div>\n\t\t\t\t<div class=\"elementor-element elementor-element-cd499f5 elementor-widget elementor-widget-heading\" data-id=\"cd499f5\" data-element_type=\"widget\" data-e-type=\"widget\" data-widget_type=\"heading.default\">\n\t\t\t\t<div class=\"elementor-widget-container\">\n\t\t\t\t\t<h2 class=\"elementor-heading-title elementor-size-default\">Lingue<\/h2>\t\t\t\t<\/div>\n\t\t\t\t<\/div>\n\t\t\t\t<div class=\"elementor-element elementor-element-694ab76 elementor-widget elementor-widget-text-editor\" data-id=\"694ab76\" data-element_type=\"widget\" data-e-type=\"widget\" data-widget_type=\"text-editor.default\">\n\t\t\t\t<div class=\"elementor-widget-container\">\n\t\t\t\t\t\t\t\t\t<ul>\n<li>Tedesco<\/li>\n<\/ul>\n\t\t\t\t\t\t\t\t<\/div>\n\t\t\t\t<\/div>\n\t\t\t\t<div class=\"elementor-element elementor-element-88a3dfc elementor-widget elementor-widget-heading\" data-id=\"88a3dfc\" data-element_type=\"widget\" data-e-type=\"widget\" data-widget_type=\"heading.default\">\n\t\t\t\t<div class=\"elementor-widget-container\">\n\t\t\t\t\t<h2 class=\"elementor-heading-title elementor-size-default\">Orari di apertura<\/h2>\t\t\t\t<\/div>\n\t\t\t\t<\/div>\n\t\t\t\t<div class=\"elementor-element elementor-element-dd989bd elementor-widget elementor-widget-text-editor\" data-id=\"dd989bd\" data-element_type=\"widget\" data-e-type=\"widget\" data-widget_type=\"text-editor.default\">\n\t\t\t\t<div class=\"elementor-widget-container\">\n\t\t\t\t\t\t\t\t\t<p>su accordo telefonico<\/p>\n\t\t\t\t\t\t\t\t<\/div>\n\t\t\t\t<\/div>\n\t\t\t\t\t<\/div>\n\t\t<\/div>\n\t\t\t\t\t<\/div>\n\t\t<\/section>\n\t\t\t\t\t<\/div>\n\t\t<\/div>\n\t\t\t\t\t<\/div>\n\t\t<\/section>\n\t\t\t\t<\/div>\n\t\t","protected":false},"excerpt":{"rendered":"<p>Rahel Wyss Specialista infermieristica HF, esperta in ferite SAfW Certificati di competenza Specialista infermieristica HF Esperta in ferite SAfW Aree di competenza e interesse Consulenza, valutazione, trattamenti e assistenza di base a domicilio, perch\u00e9 a casa \u00e8 meglio. Specializzazioni Esperta di ferite Partecipazioni Societ\u00e0 per il trattamento delle ferite (SAfW) Associazione professionale svizzera degli infermieri [&hellip;]<\/p>\n","protected":false},"author":6,"featured_media":0,"parent":0,"menu_order":0,"comment_status":"closed","ping_status":"closed","template":"elementor_header_footer","meta":{"_acf_changed":false,"footnotes":""},"class_list":["post-15539","page","type-page","status-publish","hentry"],"acf":[],"_links":{"self":[{"href":"https:\/\/www.polyclinic.ch\/it\/wp-json\/wp\/v2\/pages\/15539","targetHints":{"allow":["GET"]}}],"collection":[{"href":"https:\/\/www.polyclinic.ch\/it\/wp-json\/wp\/v2\/pages"}],"about":[{"href":"https:\/\/www.polyclinic.ch\/it\/wp-json\/wp\/v2\/types\/page"}],"author":[{"embeddable":true,"href":"https:\/\/www.polyclinic.ch\/it\/wp-json\/wp\/v2\/users\/6"}],"replies":[{"embeddable":true,"href":"https:\/\/www.polyclinic.ch\/it\/wp-json\/wp\/v2\/comments?post=15539"}],"version-history":[{"count":7,"href":"https:\/\/www.polyclinic.ch\/it\/wp-json\/wp\/v2\/pages\/15539\/revisions"}],"predecessor-version":[{"id":17558,"href":"https:\/\/www.polyclinic.ch\/it\/wp-json\/wp\/v2\/pages\/15539\/revisions\/17558"}],"wp:attachment":[{"href":"https:\/\/www.polyclinic.ch\/it\/wp-json\/wp\/v2\/media?parent=15539"}],"curies":[{"name":"wp","href":"https:\/\/api.w.org\/{rel}","templated":true}]}}